{"id":177,"date":"2026-03-22T19:22:29","date_gmt":"2026-03-22T19:22:29","guid":{"rendered":"https:\/\/aprendemasformacion.com\/?page_id=177"},"modified":"2026-05-15T20:02:07","modified_gmt":"2026-05-15T20:02:07","slug":"talleres","status":"publish","type":"page","link":"https:\/\/aprendemasformacion.com\/index.php\/talleres\/","title":{"rendered":"Talleres"},"content":{"rendered":"\t\t<div data-elementor-type=\"wp-page\" data-elementor-id=\"177\" class=\"elementor elementor-177\">\n\t\t\t\t<div class=\"elementor-element elementor-element-9600ff7 e-flex e-con-boxed e-con e-parent\" data-id=\"9600ff7\" data-element_type=\"container\">\n\t\t\t\t\t<div class=\"e-con-inner\">\n\t\t<div class=\"elementor-element elementor-element-1825131 e-con-full e-flex e-con e-child\" data-id=\"1825131\" data-element_type=\"container\">\n\t\t\t\t<div class=\"elementor-element elementor-element-b7b5673 elementor-widget elementor-widget-image\" data-id=\"b7b5673\" data-element_type=\"widget\" data-widget_type=\"image.default\">\n\t\t\t\t\t\t\t\t\t\t\t\t\t\t\t<img fetchpriority=\"high\" decoding=\"async\" width=\"640\" height=\"853\" src=\"https:\/\/aprendemasformacion.com\/wp-content\/uploads\/2026\/03\/foto-taller-3web-768x1024.jpg\" class=\"attachment-large size-large wp-image-184\" alt=\"\" srcset=\"https:\/\/aprendemasformacion.com\/wp-content\/uploads\/2026\/03\/foto-taller-3web-768x1024.jpg 768w, https:\/\/aprendemasformacion.com\/wp-content\/uploads\/2026\/03\/foto-taller-3web-225x300.jpg 225w, https:\/\/aprendemasformacion.com\/wp-content\/uploads\/2026\/03\/foto-taller-3web-1152x1536.jpg 1152w, https:\/\/aprendemasformacion.com\/wp-content\/uploads\/2026\/03\/foto-taller-3web.jpg 1200w\" sizes=\"(max-width: 640px) 100vw, 640px\" \/>\t\t\t\t\t\t\t\t\t\t\t\t\t\t\t<\/div>\n\t\t\t\t<\/div>\n\t\t<div class=\"elementor-element elementor-element-bd02766 e-con-full e-flex e-con e-child\" data-id=\"bd02766\" data-element_type=\"container\">\n\t\t<div class=\"elementor-element elementor-element-f1c998a e-con-full e-flex e-con e-child\" data-id=\"f1c998a\" data-element_type=\"container\">\n\t\t\t\t<div class=\"elementor-element elementor-element-4f7207c elementor-invisible elementor-widget elementor-widget-heading\" data-id=\"4f7207c\" data-element_type=\"widget\" data-settings=\"{&quot;_animation&quot;:&quot;fadeIn&quot;}\" data-widget_type=\"heading.default\">\n\t\t\t\t\t<h2 class=\"elementor-heading-title elementor-size-default\">\u00bfQuieres aprender a organizar tu agenda?<\/h2>\t\t\t\t<\/div>\n\t\t\t\t<\/div>\n\t\t<div class=\"elementor-element elementor-element-75032c7 e-con-full e-flex e-con e-child\" data-id=\"75032c7\" data-element_type=\"container\">\n\t\t\t\t<div class=\"elementor-element elementor-element-efcc481 elementor-widget elementor-widget-text-editor\" data-id=\"efcc481\" data-element_type=\"widget\" data-widget_type=\"text-editor.default\">\n\t\t\t\t\t\t\t\t\t<p><strong>Taller pr\u00e1ctico de hora y media.<\/strong><\/p><p><strong>Edades: Cualquiera<\/strong><\/p><p>En nuestro taller de organizaci\u00f3n y planificaci\u00f3n con agenda, trabajamos de forma pr\u00e1ctica para que los alumnos aprendan a usarla de verdad.<\/p><ul><li><strong>Detectamos los errores m\u00e1s comunes<\/strong><br \/>Identificamos juntos en qu\u00e9 fallan al apuntar tareas, ex\u00e1menes o recordatorios.<\/li><li>Aprendemos a usar la agenda correctamente<br \/><strong>Les ense\u00f1amos a anotar de forma clara, ordenada y \u00fatil.<\/strong><\/li><li><strong>Mejoramos la planificaci\u00f3n del tiempo<\/strong><br \/>Descubren c\u00f3mo organizar deberes y estudiar sin dejar todo para el \u00faltimo momento.<\/li><li>Ganan autonom\u00eda y seguridad<br \/>Aprenden a organizarse solos y a evitar olvidos.<\/li><\/ul><p><em><strong>Porque cuando saben organizarse\u2026 todo empieza a ser m\u00e1s f\u00e1cil.<\/strong><\/em><\/p>\t\t\t\t\t\t\t\t<\/div>\n\t\t\t\t<div class=\"elementor-element elementor-element-7b0039b elementor-button-info elementor-align-center elementor-widget elementor-widget-button\" data-id=\"7b0039b\" data-element_type=\"widget\" data-widget_type=\"button.default\">\n\t\t\t\t\t\t\t\t\t\t<a class=\"elementor-button elementor-button-link elementor-size-sm\" href=\"https:\/\/aprendemasformacion.com\/index.php\/inscribete\/\">\n\t\t\t\t\t\t<span class=\"elementor-button-content-wrapper\">\n\t\t\t\t\t\t\t\t\t<span class=\"elementor-button-text\">Solicita informaci\u00f3n -&gt;<\/span>\n\t\t\t\t\t<\/span>\n\t\t\t\t\t<\/a>\n\t\t\t\t\t\t\t\t<\/div>\n\t\t\t\t<\/div>\n\t\t\t\t<\/div>\n\t\t\t\t\t<\/div>\n\t\t\t\t<\/div>\n\t\t<div class=\"elementor-element elementor-element-600774c e-flex e-con-boxed e-con e-parent\" data-id=\"600774c\" data-element_type=\"container\">\n\t\t\t\t\t<div class=\"e-con-inner\">\n\t\t<div class=\"elementor-element elementor-element-d001347 e-con-full e-flex e-con e-child\" data-id=\"d001347\" data-element_type=\"container\">\n\t\t\t\t<div class=\"elementor-element elementor-element-b7dcf00 elementor-widget elementor-widget-image\" data-id=\"b7dcf00\" data-element_type=\"widget\" data-widget_type=\"image.default\">\n\t\t\t\t\t\t\t\t\t\t\t\t\t\t\t<img decoding=\"async\" width=\"640\" height=\"853\" src=\"https:\/\/aprendemasformacion.com\/wp-content\/uploads\/2026\/03\/Foto-taller-mariquitas-768x1024.jpeg\" class=\"attachment-large size-large wp-image-185\" alt=\"\" srcset=\"https:\/\/aprendemasformacion.com\/wp-content\/uploads\/2026\/03\/Foto-taller-mariquitas-768x1024.jpeg 768w, https:\/\/aprendemasformacion.com\/wp-content\/uploads\/2026\/03\/Foto-taller-mariquitas-225x300.jpeg 225w, https:\/\/aprendemasformacion.com\/wp-content\/uploads\/2026\/03\/Foto-taller-mariquitas-1152x1536.jpeg 1152w, https:\/\/aprendemasformacion.com\/wp-content\/uploads\/2026\/03\/Foto-taller-mariquitas.jpeg 1536w\" sizes=\"(max-width: 640px) 100vw, 640px\" \/>\t\t\t\t\t\t\t\t\t\t\t\t\t\t\t<\/div>\n\t\t\t\t<\/div>\n\t\t<div class=\"elementor-element elementor-element-5a214c7 e-con-full e-flex e-con e-child\" data-id=\"5a214c7\" data-element_type=\"container\">\n\t\t<div class=\"elementor-element elementor-element-46bb975 e-con-full e-flex e-con e-child\" data-id=\"46bb975\" data-element_type=\"container\">\n\t\t\t\t<div class=\"elementor-element elementor-element-e1d31df elementor-invisible elementor-widget elementor-widget-heading\" data-id=\"e1d31df\" data-element_type=\"widget\" data-settings=\"{&quot;_animation&quot;:&quot;fadeIn&quot;}\" data-widget_type=\"heading.default\">\n\t\t\t\t\t<h2 class=\"elementor-heading-title elementor-size-default\">\u00bfLas matem\u00e1ticas y la escritura pueden ser divertidas?<\/h2>\t\t\t\t<\/div>\n\t\t\t\t<\/div>\n\t\t<div class=\"elementor-element elementor-element-48ea67d e-con-full e-flex e-con e-child\" data-id=\"48ea67d\" data-element_type=\"container\">\n\t\t\t\t<div class=\"elementor-element elementor-element-dc20fee elementor-widget elementor-widget-text-editor\" data-id=\"dc20fee\" data-element_type=\"widget\" data-widget_type=\"text-editor.default\">\n\t\t\t\t\t\t\t\t\t<p><strong>Taller pr\u00e1ctico de una hora<\/strong><\/p><p><strong>Edades: 5 a 9 a\u00f1os<\/strong><\/p><p><strong>\u00a1En este taller aprendemos de forma divertida!<\/strong><\/p><p>Haciendo unas mariquitas de papel tus hijos pueden aprender no solo a <strong>desarrollar su parte m\u00e1s art\u00edstica<\/strong>, sino tambi\u00e9n <strong>matem\u00e1ticas y escritura.<\/strong><\/p><p>Pero adem\u00e1s van a salir de taller merendados y sabiendo un mont\u00f3n de curiosidades sobre estos peque\u00f1os animalitos.<\/p><p><strong>\u00bfQu\u00e9 m\u00e1s se puede pedir?<\/strong><\/p>\t\t\t\t\t\t\t\t<\/div>\n\t\t\t\t<div class=\"elementor-element elementor-element-7c2d3bd elementor-button-info elementor-align-center elementor-widget elementor-widget-button\" data-id=\"7c2d3bd\" data-element_type=\"widget\" data-widget_type=\"button.default\">\n\t\t\t\t\t\t\t\t\t\t<a class=\"elementor-button elementor-button-link elementor-size-sm\" href=\"https:\/\/aprendemasformacion.com\/index.php\/inscribete\/\">\n\t\t\t\t\t\t<span class=\"elementor-button-content-wrapper\">\n\t\t\t\t\t\t\t\t\t<span class=\"elementor-button-text\">Solicita informaci\u00f3n -&gt;<\/span>\n\t\t\t\t\t<\/span>\n\t\t\t\t\t<\/a>\n\t\t\t\t\t\t\t\t<\/div>\n\t\t\t\t<\/div>\n\t\t\t\t<\/div>\n\t\t\t\t\t<\/div>\n\t\t\t\t<\/div>\n\t\t<div class=\"elementor-element elementor-element-1f56b5a e-flex e-con-boxed e-con e-parent\" data-id=\"1f56b5a\" data-element_type=\"container\">\n\t\t\t\t\t<div class=\"e-con-inner\">\n\t\t<div class=\"elementor-element elementor-element-67c4911 e-con-full e-flex e-con e-child\" data-id=\"67c4911\" data-element_type=\"container\">\n\t\t\t\t<div class=\"elementor-element elementor-element-c0389f7 elementor-widget elementor-widget-image\" data-id=\"c0389f7\" data-element_type=\"widget\" data-widget_type=\"image.default\">\n\t\t\t\t\t\t\t\t\t\t\t\t\t\t\t<img decoding=\"async\" width=\"640\" height=\"800\" src=\"https:\/\/aprendemasformacion.com\/wp-content\/uploads\/2026\/05\/tecnicas-de-estudio-819x1024.png\" class=\"attachment-large size-large wp-image-214\" alt=\"\" srcset=\"https:\/\/aprendemasformacion.com\/wp-content\/uploads\/2026\/05\/tecnicas-de-estudio-819x1024.png 819w, https:\/\/aprendemasformacion.com\/wp-content\/uploads\/2026\/05\/tecnicas-de-estudio-240x300.png 240w, https:\/\/aprendemasformacion.com\/wp-content\/uploads\/2026\/05\/tecnicas-de-estudio-768x960.png 768w, https:\/\/aprendemasformacion.com\/wp-content\/uploads\/2026\/05\/tecnicas-de-estudio.png 1080w\" sizes=\"(max-width: 640px) 100vw, 640px\" \/>\t\t\t\t\t\t\t\t\t\t\t\t\t\t\t<\/div>\n\t\t\t\t<\/div>\n\t\t<div class=\"elementor-element elementor-element-4ab05dd e-con-full e-flex e-con e-child\" data-id=\"4ab05dd\" data-element_type=\"container\">\n\t\t<div class=\"elementor-element elementor-element-ff19f4e e-con-full e-flex e-con e-child\" data-id=\"ff19f4e\" data-element_type=\"container\">\n\t\t\t\t<div class=\"elementor-element elementor-element-f6db088 elementor-invisible elementor-widget elementor-widget-heading\" data-id=\"f6db088\" data-element_type=\"widget\" data-settings=\"{&quot;_animation&quot;:&quot;fadeIn&quot;}\" data-widget_type=\"heading.default\">\n\t\t\t\t\t<h2 class=\"elementor-heading-title elementor-size-default\">\u00bfLas matem\u00e1ticas y la escritura pueden ser divertidas?<\/h2>\t\t\t\t<\/div>\n\t\t\t\t<\/div>\n\t\t<div class=\"elementor-element elementor-element-ddab7da e-con-full e-flex e-con e-child\" data-id=\"ddab7da\" data-element_type=\"container\">\n\t\t\t\t<div class=\"elementor-element elementor-element-ae1a190 elementor-widget elementor-widget-text-editor\" data-id=\"ae1a190\" data-element_type=\"widget\" data-widget_type=\"text-editor.default\">\n\t\t\t\t\t\t\t\t\t<p><strong>Taller pr\u00e1ctico de una hora<\/strong><\/p><p><strong>Edades: 9 a 15 a\u00f1os<\/strong><\/p><p>Uno de los mayores problemas del alumnado es agobiarse al estudiar.<\/p><p>Por ello, hemos dise\u00f1ado este taller para darles algunas t\u00e9cnicas y que se conviertan en verdaderos cracks del estudio.<\/p>\t\t\t\t\t\t\t\t<\/div>\n\t\t\t\t<div class=\"elementor-element elementor-element-3742368 elementor-button-info elementor-align-center elementor-widget elementor-widget-button\" data-id=\"3742368\" data-element_type=\"widget\" data-widget_type=\"button.default\">\n\t\t\t\t\t\t\t\t\t\t<a class=\"elementor-button elementor-button-link elementor-size-sm\" href=\"https:\/\/aprendemasformacion.com\/index.php\/inscribete\/\">\n\t\t\t\t\t\t<span class=\"elementor-button-content-wrapper\">\n\t\t\t\t\t\t\t\t\t<span class=\"elementor-button-text\">Solicita informaci\u00f3n -&gt;<\/span>\n\t\t\t\t\t<\/span>\n\t\t\t\t\t<\/a>\n\t\t\t\t\t\t\t\t<\/div>\n\t\t\t\t<\/div>\n\t\t\t\t<\/div>\n\t\t\t\t\t<\/div>\n\t\t\t\t<\/div>\n\t\t<div class=\"elementor-element elementor-element-b974231 e-flex e-con-boxed e-con e-parent\" data-id=\"b974231\" data-element_type=\"container\">\n\t\t\t\t\t<div class=\"e-con-inner\">\n\t\t<div class=\"elementor-element elementor-element-8f22341 e-con-full e-flex e-con e-child\" data-id=\"8f22341\" data-element_type=\"container\">\n\t\t\t\t<div class=\"elementor-element elementor-element-537e24c elementor-widget elementor-widget-image\" data-id=\"537e24c\" data-element_type=\"widget\" data-widget_type=\"image.default\">\n\t\t\t\t\t\t\t\t\t\t\t\t\t\t\t<img loading=\"lazy\" decoding=\"async\" width=\"640\" height=\"800\" src=\"https:\/\/aprendemasformacion.com\/wp-content\/uploads\/2026\/05\/visita-al-MCNUZ-819x1024.png\" class=\"attachment-large size-large wp-image-215\" alt=\"\" srcset=\"https:\/\/aprendemasformacion.com\/wp-content\/uploads\/2026\/05\/visita-al-MCNUZ-819x1024.png 819w, https:\/\/aprendemasformacion.com\/wp-content\/uploads\/2026\/05\/visita-al-MCNUZ-240x300.png 240w, https:\/\/aprendemasformacion.com\/wp-content\/uploads\/2026\/05\/visita-al-MCNUZ-768x960.png 768w, https:\/\/aprendemasformacion.com\/wp-content\/uploads\/2026\/05\/visita-al-MCNUZ.png 1080w\" sizes=\"(max-width: 640px) 100vw, 640px\" \/>\t\t\t\t\t\t\t\t\t\t\t\t\t\t\t<\/div>\n\t\t\t\t<\/div>\n\t\t<div class=\"elementor-element elementor-element-6c759b6 e-con-full e-flex e-con e-child\" data-id=\"6c759b6\" data-element_type=\"container\">\n\t\t<div class=\"elementor-element elementor-element-abeed32 e-con-full e-flex e-con e-child\" data-id=\"abeed32\" data-element_type=\"container\">\n\t\t\t\t<div class=\"elementor-element elementor-element-b2bb8ce elementor-invisible elementor-widget elementor-widget-heading\" data-id=\"b2bb8ce\" data-element_type=\"widget\" data-settings=\"{&quot;_animation&quot;:&quot;fadeIn&quot;}\" data-widget_type=\"heading.default\">\n\t\t\t\t\t<h2 class=\"elementor-heading-title elementor-size-default\">\u00bfLas matem\u00e1ticas y la escritura pueden ser divertidas?<\/h2>\t\t\t\t<\/div>\n\t\t\t\t<\/div>\n\t\t<div class=\"elementor-element elementor-element-e87327e e-con-full e-flex e-con e-child\" data-id=\"e87327e\" data-element_type=\"container\">\n\t\t\t\t<div class=\"elementor-element elementor-element-3436e4d elementor-widget elementor-widget-text-editor\" data-id=\"3436e4d\" data-element_type=\"widget\" data-widget_type=\"text-editor.default\">\n\t\t\t\t\t\t\t\t\t<p><strong>Taller pr\u00e1ctico de una hora<\/strong><\/p><p><strong>Edades: 9 a 15 a\u00f1os<\/strong><\/p><p>Un taller muy especial en el que salimos de la academia para hacer un viaje en el tiempo de m\u00e1s de 700 millones de a\u00f1os.<\/p><p>Durante la visita trabajaremos:<br \/>\u2022 Animales del pasado<br \/>\u2022 Especies que vivieron en la Tierra (\u00a1y en Arag\u00f3n!)<br \/>\u2022 Curiosidades que les har\u00e1n aprender sin darse cuenta<\/p>\t\t\t\t\t\t\t\t<\/div>\n\t\t\t\t<div class=\"elementor-element elementor-element-02fb23b elementor-button-info elementor-align-center elementor-widget elementor-widget-button\" data-id=\"02fb23b\" data-element_type=\"widget\" data-widget_type=\"button.default\">\n\t\t\t\t\t\t\t\t\t\t<a class=\"elementor-button elementor-button-link elementor-size-sm\" href=\"https:\/\/aprendemasformacion.com\/index.php\/inscribete\/\">\n\t\t\t\t\t\t<span class=\"elementor-button-content-wrapper\">\n\t\t\t\t\t\t\t\t\t<span class=\"elementor-button-text\">Solicita informaci\u00f3n -&gt;<\/span>\n\t\t\t\t\t<\/span>\n\t\t\t\t\t<\/a>\n\t\t\t\t\t\t\t\t<\/div>\n\t\t\t\t<\/div>\n\t\t\t\t<\/div>\n\t\t\t\t\t<\/div>\n\t\t\t\t<\/div>\n\t\t<div class=\"elementor-element elementor-element-7902ac4 e-flex e-con-boxed e-con e-parent\" data-id=\"7902ac4\" data-element_type=\"container\">\n\t\t\t\t\t<div class=\"e-con-inner\">\n\t\t<div class=\"elementor-element elementor-element-eeb89aa e-con-full e-flex e-con e-child\" data-id=\"eeb89aa\" data-element_type=\"container\">\n\t\t\t\t<div class=\"elementor-element elementor-element-11399b0 elementor-widget elementor-widget-image\" data-id=\"11399b0\" data-element_type=\"widget\" data-widget_type=\"image.default\">\n\t\t\t\t\t\t\t\t\t\t\t\t\t\t\t<img loading=\"lazy\" decoding=\"async\" width=\"640\" height=\"800\" src=\"https:\/\/aprendemasformacion.com\/wp-content\/uploads\/2026\/05\/psicologia-819x1024.jpg\" class=\"attachment-large size-large wp-image-206\" alt=\"\" srcset=\"https:\/\/aprendemasformacion.com\/wp-content\/uploads\/2026\/05\/psicologia-819x1024.jpg 819w, https:\/\/aprendemasformacion.com\/wp-content\/uploads\/2026\/05\/psicologia-240x300.jpg 240w, https:\/\/aprendemasformacion.com\/wp-content\/uploads\/2026\/05\/psicologia-768x960.jpg 768w, https:\/\/aprendemasformacion.com\/wp-content\/uploads\/2026\/05\/psicologia.jpg 1080w\" sizes=\"(max-width: 640px) 100vw, 640px\" \/>\t\t\t\t\t\t\t\t\t\t\t\t\t\t\t<\/div>\n\t\t\t\t<\/div>\n\t\t<div class=\"elementor-element elementor-element-74cdb31 e-con-full e-flex e-con e-child\" data-id=\"74cdb31\" data-element_type=\"container\">\n\t\t<div class=\"elementor-element elementor-element-0777b8c e-con-full e-flex e-con e-child\" data-id=\"0777b8c\" data-element_type=\"container\">\n\t\t\t\t<div class=\"elementor-element elementor-element-b66a698 elementor-invisible elementor-widget elementor-widget-heading\" data-id=\"b66a698\" data-element_type=\"widget\" data-settings=\"{&quot;_animation&quot;:&quot;fadeIn&quot;}\" data-widget_type=\"heading.default\">\n\t\t\t\t\t<h2 class=\"elementor-heading-title elementor-size-default\">\u00bfConoces tus emociones?<\/h2>\t\t\t\t<\/div>\n\t\t\t\t<\/div>\n\t\t<div class=\"elementor-element elementor-element-bec6461 e-con-full e-flex e-con e-child\" data-id=\"bec6461\" data-element_type=\"container\">\n\t\t\t\t<div class=\"elementor-element elementor-element-12bd4c3 elementor-widget elementor-widget-text-editor\" data-id=\"12bd4c3\" data-element_type=\"widget\" data-widget_type=\"text-editor.default\">\n\t\t\t\t\t\t\t\t\t<p><strong>Taller pr\u00e1ctico de una hora<\/strong><\/p><p><strong>Edades: 9 a 15 a\u00f1os<\/strong><\/p><p><strong>\u00a1En este taller aprendemos a gestionar las emociones que nos surgen!<\/strong><\/p><p>Sam es psic\u00f3logo<\/p><p>En este taller aprender\u00e1n a:<br data-start=\"280\" data-end=\"283\" \/>-Reconocer y poner nombre a sus emociones<br data-start=\"325\" data-end=\"328\" \/>-Expresar lo que sienten de forma sana<br data-start=\"367\" data-end=\"370\" \/>-Gestionar la frustraci\u00f3n, el enfado o la ansiedad<br data-start=\"421\" data-end=\"424\" \/>-Desarrollar herramientas para su d\u00eda a d\u00eda<\/p><p><strong>\u00a1Hackea tus emociones y descubre como manejarlas!<\/strong><\/p>\t\t\t\t\t\t\t\t<\/div>\n\t\t\t\t<div class=\"elementor-element elementor-element-211dd91 elementor-button-info elementor-align-center elementor-widget elementor-widget-button\" data-id=\"211dd91\" data-element_type=\"widget\" data-widget_type=\"button.default\">\n\t\t\t\t\t\t\t\t\t\t<a class=\"elementor-button elementor-button-link elementor-size-sm\" href=\"https:\/\/aprendemasformacion.com\/index.php\/inscribete\/\">\n\t\t\t\t\t\t<span class=\"elementor-button-content-wrapper\">\n\t\t\t\t\t\t\t\t\t<span class=\"elementor-button-text\">Solicita informaci\u00f3n -&gt;<\/span>\n\t\t\t\t\t<\/span>\n\t\t\t\t\t<\/a>\n\t\t\t\t\t\t\t\t<\/div>\n\t\t\t\t<\/div>\n\t\t\t\t<\/div>\n\t\t\t\t\t<\/div>\n\t\t\t\t<\/div>\n\t\t\t\t<\/div>\n\t\t","protected":false},"excerpt":{"rendered":"<p>\u00bfQuieres aprender a organizar tu agenda? Taller pr\u00e1ctico de hora y media. Edades: Cualquiera En nuestro taller de organizaci\u00f3n y planificaci\u00f3n con agenda, trabajamos de forma pr\u00e1ctica para que los alumnos aprendan a usarla de verdad. Detectamos los errores m\u00e1s comunesIdentificamos juntos en qu\u00e9 fallan al apuntar tareas, ex\u00e1menes o recordatorios. Aprendemos a usar la [&hellip;]<\/p>\n","protected":false},"author":1,"featured_media":0,"parent":0,"menu_order":0,"comment_status":"closed","ping_status":"closed","template":"","meta":{"footnotes":""},"class_list":["post-177","page","type-page","status-publish","hentry"],"_links":{"self":[{"href":"https:\/\/aprendemasformacion.com\/index.php\/wp-json\/wp\/v2\/pages\/177","targetHints":{"allow":["GET"]}}],"collection":[{"href":"https:\/\/aprendemasformacion.com\/index.php\/wp-json\/wp\/v2\/pages"}],"about":[{"href":"https:\/\/aprendemasformacion.com\/index.php\/wp-json\/wp\/v2\/types\/page"}],"author":[{"embeddable":true,"href":"https:\/\/aprendemasformacion.com\/index.php\/wp-json\/wp\/v2\/users\/1"}],"replies":[{"embeddable":true,"href":"https:\/\/aprendemasformacion.com\/index.php\/wp-json\/wp\/v2\/comments?post=177"}],"version-history":[{"count":13,"href":"https:\/\/aprendemasformacion.com\/index.php\/wp-json\/wp\/v2\/pages\/177\/revisions"}],"predecessor-version":[{"id":218,"href":"https:\/\/aprendemasformacion.com\/index.php\/wp-json\/wp\/v2\/pages\/177\/revisions\/218"}],"wp:attachment":[{"href":"https:\/\/aprendemasformacion.com\/index.php\/wp-json\/wp\/v2\/media?parent=177"}],"curies":[{"name":"wp","href":"https:\/\/api.w.org\/{rel}","templated":true}]}}